{"id":44,"date":"2018-04-18T14:21:09","date_gmt":"2018-04-18T12:21:09","guid":{"rendered":"https:\/\/fairloetet.de\/?page_id=44"},"modified":"2025-11-17T11:47:54","modified_gmt":"2025-11-17T10:47:54","slug":"transparenz","status":"publish","type":"page","link":"https:\/\/fairloetet.de\/en\/ueber-uns\/transparenz\/","title":{"rendered":"Transparenz"},"content":{"rendered":"<section class=\"l-section wpb_row height_medium\"><div class=\"l-section-h i-cf\"><div class=\"g-cols vc_row via_grid cols_2-1 laptops-cols_inherit tablets-cols_inherit mobiles-cols_1 valign_top type_default stacking_default\"><div class=\"wpb_column vc_column_container\"><div class=\"vc_column-inner\"><div class=\"wpb_text_column\"><div class=\"wpb_wrapper\"><h2>Informationen \u00fcber FairL\u00f6tet e.V.<\/h2>\n<p>entsprechend der Selbstverpflichtung der <a href=\"https:\/\/www.transparency.de\/mitmachen\/initiative-transparente-zivilgesellschaft\">Initiative Transparente Zivilgesellschaft<\/a><\/p>\n<h5>1. Name, Sitz, Anschrift und Gr\u00fcndungsjahr<\/h5>\n<p>Angaben zum Namen, dem Sitz und der Anschrift stehen im <a href=\"https:\/\/fairloetet.de\/en\/impressum\/\">Impressum<\/a><br \/>\nDer FairL\u00f6tet e.V. wurde im Jahr 2015 gegr\u00fcndet.<\/p>\n<h5>2. Satzung und Ziele unserer Organisation<\/h5>\n<ul>\n<li><a href=\"https:\/\/fairloetet.de\/en\/satzung-berichte\/\">zur Satzung<\/a><\/li>\n<li><a href=\"https:\/\/fairloetet.de\/en\/\">zu unseren Zielen<\/a><\/li>\n<\/ul>\n<h5>3. Angaben zur Steuerbeg\u00fcnstigung<\/h5>\n<p>Unsere Arbeit ist wegen F\u00f6rderung der Bildung und Entwicklungszusammenarbeit nach dem letzten uns zugegangenen Freistellungsbescheid des Finanzamts Hamburg-Nord (Steuernummer 17\/440\/22653) <a href=\"https:\/\/fairloetet.nohost.me\/nextcloud\/s\/zsb7GWtQWscFZPE\">vom 11.10.2024<\/a> nach \u00a7 5 Abs. 1 Nr. 9 des K\u00f6rperschaftsteuergesetzes von der K\u00f6rperschaftssteuer und nach \u00a7 3 Nr. 6 des Gewerbesteuergesetzes von der Gewerbesteuer befreit. Der Veranlagungszeitraum ist 2017. Wir sind berechtigt, f\u00fcr Spenden, die FairL\u00f6tet zur Verwendung f\u00fcr diese Zwecke zugewendet werden, Zuwendungsbest\u00e4tigungen nach amtlich vorgeschriebenem Vordruck (\u00a7 50 Abs. 1 EStDV) auszustellen.<\/p>\n<h5>4. Name und Funktion wesentlicher Entscheidungstr\u00e4ger<\/h5>\n<p>Astrid Lorenzen, 1. Vorsitzende<br \/>\nFrieder Glogner, 2. Vorsitzender<br \/>\nSebastian Beschke, Kassenwart<\/p>\n<h5>5. T\u00e4tigkeitsbericht<\/h5>\n<ul>\n<li><a href=\"https:\/\/fairloetet.de\/en\/ueber-uns\/satzung-berichte\/\">zu den Jahresberichten<\/a><\/li>\n<\/ul>\n<h5>6. Personalstruktur<\/h5>\n<p>Wir haben keine hauptberuflich T\u00e4tigen. 12 ehrenamtliche Mitarbeiter engagieren sich f\u00fcr die Ziele des Vereins (Stand Ende 2019).<\/p>\n<h5>7. Angaben zur Mittelherkunft<\/h5>\n<ul>\n<li><a href=\"https:\/\/fairloetet.de\/en\/satzung-berichte\/\">zu den Finanzberichten<\/a><\/li>\n<\/ul>\n<h5>8. Angaben zur Mittelverwendung<\/h5>\n<ul>\n<li><a href=\"https:\/\/fairloetet.de\/en\/satzung-berichte\/\">zu den Finanzberichten<\/a><\/li>\n<\/ul>\n<h5>9. Gesellschaftsrechtliche Verbundenheit mit Dritten<\/h5>\n<p>Es besteht keine vertragliche oder juristische Verbundenheit mit anderen Organisationen.<\/p>\n<h5>10. Namen von juristischen Personen, deren j\u00e4hrliche Zahlungen mehr als 10 % des Gesamtjahresbudgets ausmachen<\/h5>\n<ul>\n<li><a href=\"https:\/\/www.umweltbundesamt.de\">Umweltbundesamt<\/a> (Bundesbeh\u00f6rde)<\/li>\n<\/ul>\n<\/div><\/div><\/div><\/div><div class=\"wpb_column vc_column_container\"><div class=\"vc_column-inner\"><div class=\"w-image align_none\"><a title=\"Initiative Transparente Zivilgesellschaft\" target=\" _blank\" rel=\"nofollow\" href=\"http:\/\/www.transparente-zivilgesellschaft.de\" aria-label=\"Transparente_ZivilgesellschaftPNG\" class=\"w-image-h\"><img decoding=\"async\" width=\"735\" height=\"200\" src=\"https:\/\/fairloetet.de\/wp-content\/uploads\/2018\/11\/Transparente_ZivilgesellschaftPNG.png\" class=\"attachment-large size-large\" alt=\"\" loading=\"lazy\" srcset=\"https:\/\/fairloetet.de\/wp-content\/uploads\/2018\/11\/Transparente_ZivilgesellschaftPNG.png 735w, https:\/\/fairloetet.de\/wp-content\/uploads\/2018\/11\/Transparente_ZivilgesellschaftPNG-300x82.png 300w\" sizes=\"(max-width: 735px) 100vw, 735px\" \/><\/a><\/div><\/div><\/div><\/div><\/div><\/section>","protected":false},"excerpt":{"rendered":"Informationen \u00fcber FairL\u00f6tet e.V. entsprechend der Selbstverpflichtung der Initiative Transparente Zivilgesellschaft 1. Name, Sitz, Anschrift und Gr\u00fcndungsjahr Angaben zum Namen, dem Sitz und der Anschrift stehen im Impressum Der FairL\u00f6tet e.V. wurde im Jahr 2015 gegr\u00fcndet. 2. Satzung und Ziele unserer Organisation zur Satzung zu unseren Zielen 3. Angaben zur Steuerbeg\u00fcnstigung Unsere Arbeit ist wegen...","protected":false},"author":2,"featured_media":0,"parent":20,"menu_order":15,"comment_status":"closed","ping_status":"closed","template":"","meta":{"footnotes":""},"class_list":["post-44","page","type-page","status-publish","hentry"],"_links":{"self":[{"href":"https:\/\/fairloetet.de\/en\/wp-json\/wp\/v2\/pages\/44"}],"collection":[{"href":"https:\/\/fairloetet.de\/en\/wp-json\/wp\/v2\/pages"}],"about":[{"href":"https:\/\/fairloetet.de\/en\/wp-json\/wp\/v2\/types\/page"}],"author":[{"embeddable":true,"href":"https:\/\/fairloetet.de\/en\/wp-json\/wp\/v2\/users\/2"}],"replies":[{"embeddable":true,"href":"https:\/\/fairloetet.de\/en\/wp-json\/wp\/v2\/comments?post=44"}],"version-history":[{"count":22,"href":"https:\/\/fairloetet.de\/en\/wp-json\/wp\/v2\/pages\/44\/revisions"}],"predecessor-version":[{"id":1671,"href":"https:\/\/fairloetet.de\/en\/wp-json\/wp\/v2\/pages\/44\/revisions\/1671"}],"up":[{"embeddable":true,"href":"https:\/\/fairloetet.de\/en\/wp-json\/wp\/v2\/pages\/20"}],"wp:attachment":[{"href":"https:\/\/fairloetet.de\/en\/wp-json\/wp\/v2\/media?parent=44"}],"curies":[{"name":"wp","href":"https:\/\/api.w.org\/{rel}","templated":true}]}}